{"id":124808,"date":"2023-12-18T23:37:54","date_gmt":"2023-12-18T23:37:54","guid":{"rendered":"https:\/\/www.pshhc.org\/?page_id=124808"},"modified":"2024-07-29T20:45:32","modified_gmt":"2024-07-29T20:45:32","slug":"advocacy-housing-matters","status":"publish","type":"page","link":"https:\/\/www.pshhc.org\/es\/advocacy-housing-matters\/","title":{"rendered":"Defensa \u2013 Asuntos de Vivienda"},"content":{"rendered":"<div class=\"wpb-content-wrapper\"><div data-vc-full-width=\"true\" data-vc-full-width-temp=\"true\" data-vc-full-width-init=\"false\" data-vc-stretch-content=\"true\" class=\"vc_row wpb_row vc_row-fluid inner-banner vc_row-no-padding\"><div class=\"wpb_column vc_column_container vc_col-sm-12\"><div class=\"vc_column-inner\"><div class=\"wpb_wrapper\">\n\t<div  class=\"wpb_single_image wpb_content_element vc_align_center wpb_content_element  bg-image\">\n\t\t\n\t\t<figure class=\"wpb_wrapper vc_figure\">\n\t\t\t<div class=\"vc_single_image-wrapper   vc_box_border_grey\"><img loading=\"lazy\" decoding=\"async\" width=\"5472\" height=\"2571\" src=\"https:\/\/www.pshhc.org\/wp-content\/uploads\/2023\/12\/Advocacy-Webpage-Headers-2.png\" class=\"vc_single_image-img attachment-full\" alt=\"\" title=\"En los medios\" srcset=\"https:\/\/www.pshhc.org\/wp-content\/uploads\/2023\/12\/Advocacy-Webpage-Headers-2.png 5472w, https:\/\/www.pshhc.org\/wp-content\/uploads\/2023\/12\/Advocacy-Webpage-Headers-2-300x141.png 300w, https:\/\/www.pshhc.org\/wp-content\/uploads\/2023\/12\/Advocacy-Webpage-Headers-2-1024x481.png 1024w, https:\/\/www.pshhc.org\/wp-content\/uploads\/2023\/12\/Advocacy-Webpage-Headers-2-768x361.png 768w, https:\/\/www.pshhc.org\/wp-content\/uploads\/2023\/12\/Advocacy-Webpage-Headers-2-1536x722.png 1536w, https:\/\/www.pshhc.org\/wp-content\/uploads\/2023\/12\/Advocacy-Webpage-Headers-2-2048x962.png 2048w, https:\/\/www.pshhc.org\/wp-content\/uploads\/2023\/12\/Advocacy-Webpage-Headers-2-18x8.png 18w\" sizes=\"auto, (max-width: 5472px) 100vw, 5472px\" \/><\/div>\n\t\t<\/figure>\n\t<\/div>\n<\/div><\/div><\/div><\/div><div class=\"vc_row-full-width vc_clearfix\"><\/div><div data-vc-full-width=\"true\" data-vc-full-width-temp=\"true\" data-vc-full-width-init=\"false\" data-vc-stretch-content=\"true\" class=\"vc_row wpb_row vc_row-fluid inner-housing-section vc_row-no-padding\"><div class=\"wpb_column vc_column_container vc_col-sm-12\"><div class=\"vc_column-inner\"><div class=\"wpb_wrapper\">\n\t<div class=\"wpb_text_column wpb_content_element container\" >\n\t\t<div class=\"wpb_wrapper\">\n\t\t\t<h2>Asuntos de vivienda<\/h2>\n\n\t\t<\/div>\n\t<\/div>\n<\/div><\/div><\/div><\/div><div class=\"vc_row-full-width vc_clearfix\"><\/div><div data-vc-full-width=\"true\" data-vc-full-width-temp=\"true\" data-vc-full-width-init=\"false\" data-vc-stretch-content=\"true\" class=\"vc_row wpb_row vc_row-fluid rental-housing-section vc_row-no-padding\"><div class=\"wpb_column vc_column_container vc_col-sm-12\"><div class=\"vc_column-inner\"><div class=\"wpb_wrapper\"><div class=\"vc_tta-container\" data-vc-action=\"collapseAll\"><div class=\"vc_general vc_tta vc_tta-accordion vc_tta-color-grey vc_tta-style-classic vc_tta-shape-square vc_tta-o-shape-group vc_tta-controls-align-default vc_tta-o-all-clickable  container\"><div class=\"vc_tta-panels-container\"><div class=\"vc_tta-panels\"><div class=\"vc_tta-panel\" id=\"1558964630799-f2bea2c1-e83b96c6-0b2d\" data-vc-content=\".vc_tta-panel-body\"><div class=\"vc_tta-panel-heading\"><h4 class=\"vc_tta-panel-title vc_tta-controls-icon-position-right\"><a href=\"#1558964630799-f2bea2c1-e83b96c6-0b2d\" data-vc-accordion data-vc-container=\".vc_tta-container\"><span class=\"vc_tta-title-text\">Art\u00edculos<\/span><i class=\"vc_tta-controls-icon vc_tta-controls-icon-chevron\"><\/i><\/a><\/h4><\/div><div class=\"vc_tta-panel-body\">\n\t<div class=\"wpb_text_column wpb_content_element\" >\n\t\t<div class=\"wpb_wrapper\">\n\t\t\t<ul>\n<li><a href=\"https:\/\/www.smdailyjournal.com\/news\/local\/amendment-could-boost-housing-funds-taxes\/article_de052b2c-9297-11ee-a5d0-73e99745cb47.html?utm_source=mc%e2%80%8b&amp;utm_medium=email%e2%80%8b&amp;utm_campaign=tih120523%e2%80%8b&amp;utm_term=20231205-0031O000038Nan6QAC%e2%80%8b&amp;utm_content=tih120523&amp;sfmckey=Z2lsbGlhbmNhQHBzaGhjLm9yZw==&amp;j=323137&amp;sfmc_sub=19978126&amp;l=2081_HTML&amp;u=15747477&amp;mid=10965565&amp;jb=6\">La enmienda podr\u00eda impulsar los fondos y los impuestos para la vivienda<\/a><br \/>\nThe Daily Journal, Alyse DiNapoli el 4\/12\/2023<\/li>\n<\/ul>\n\n\t\t<\/div>\n\t<\/div>\n<\/div><\/div><div class=\"vc_tta-panel\" id=\"1702940774412-853e1598-3a2d\" data-vc-content=\".vc_tta-panel-body\"><div class=\"vc_tta-panel-heading\"><h4 class=\"vc_tta-panel-title vc_tta-controls-icon-position-right\"><a href=\"#1702940774412-853e1598-3a2d\" data-vc-accordion data-vc-container=\".vc_tta-container\"><span class=\"vc_tta-title-text\">Blogs<\/span><i class=\"vc_tta-controls-icon vc_tta-controls-icon-chevron\"><\/i><\/a><\/h4><\/div><div class=\"vc_tta-panel-body\">\n\t<div class=\"wpb_text_column wpb_content_element\" >\n\t\t<div class=\"wpb_wrapper\">\n\t\t\t<ul>\n<li><a href=\"https:\/\/nhc.org\/housing-affordability-the-worst-in-our-lifetime-congress-can-help-change-that-in-bipartisan-legislation\/\">Asequibilidad de la vivienda: la peor de nuestra vida. El Congreso puede ayudar a cambiar eso en la legislaci\u00f3n bipartidista.<\/a><br \/>\nConferencia Nacional de Vivienda, David Dworkin el 17\/12\/2023<\/li>\n<\/ul>\n\n\t\t<\/div>\n\t<\/div>\n<\/div><\/div><div class=\"vc_tta-panel\" id=\"1702943439134-92182dc5-66cf\" data-vc-content=\".vc_tta-panel-body\"><div class=\"vc_tta-panel-heading\"><h4 class=\"vc_tta-panel-title vc_tta-controls-icon-position-right\"><a href=\"#1702943439134-92182dc5-66cf\" data-vc-accordion data-vc-container=\".vc_tta-container\"><span class=\"vc_tta-title-text\">V\u00eddeos<\/span><i class=\"vc_tta-controls-icon vc_tta-controls-icon-chevron\"><\/i><\/a><\/h4><\/div><div class=\"vc_tta-panel-body\">\n\t<div class=\"wpb_text_column wpb_content_element\" >\n\t\t<div class=\"wpb_wrapper\">\n\t\t\t<ul>\n<li><a href=\"https:\/\/www.youtube.com\/watch?v=zJ0hd3mOtFY\">\u00bfQu\u00e9 es la vivienda asequible y c\u00f3mo se crea?<\/a><br \/>\nSoluciones de vivienda locales el 28\/04\/2021<\/li>\n<\/ul>\n\n\t\t<\/div>\n\t<\/div>\n<\/div><\/div><div class=\"vc_tta-panel\" id=\"1703097446285-5b9d2ba9-aa36\" data-vc-content=\".vc_tta-panel-body\"><div class=\"vc_tta-panel-heading\"><h4 class=\"vc_tta-panel-title vc_tta-controls-icon-position-right\"><a href=\"#1703097446285-5b9d2ba9-aa36\" data-vc-accordion data-vc-container=\".vc_tta-container\"><span class=\"vc_tta-title-text\">P\u00f3dcasts<\/span><i class=\"vc_tta-controls-icon vc_tta-controls-icon-chevron\"><\/i><\/a><\/h4><\/div><div class=\"vc_tta-panel-body\">\n\t<div class=\"wpb_text_column wpb_content_element\" >\n\t\t<div class=\"wpb_wrapper\">\n\t\t\t<ul>\n<li><a href=\"https:\/\/nhc.org\/adaptive-reuse-in-post-pandemic-development\/\" target=\"_blank\" rel=\"noopener\">Reutilizaci\u00f3n adaptativa en el desarrollo pospand\u00e9mico<\/a><br \/>\nConferencia Nacional de Vivienda del 19\/01\/2024<\/li>\n<\/ul>\n\n\t\t<\/div>\n\t<\/div>\n<\/div><\/div><div class=\"vc_tta-panel\" id=\"1712002388083-68c43b80-b2e8\" data-vc-content=\".vc_tta-panel-body\"><div class=\"vc_tta-panel-heading\"><h4 class=\"vc_tta-panel-title vc_tta-controls-icon-position-right\"><a href=\"#1712002388083-68c43b80-b2e8\" data-vc-accordion data-vc-container=\".vc_tta-container\"><span class=\"vc_tta-title-text\">Desarrollando su vocabulario sobre vivienda<\/span><i class=\"vc_tta-controls-icon vc_tta-controls-icon-chevron\"><\/i><\/a><\/h4><\/div><div class=\"vc_tta-panel-body\">\n\t<div class=\"wpb_text_column wpb_content_element\" >\n\t\t<div class=\"wpb_wrapper\">\n\t\t\t<ul>\n<li><strong>Vivienda asequible\u00a0<\/strong>\u2013 vivienda que cueste menos de 30% de ingresos. Estos costos, ya sea alquiler o hipoteca, tambi\u00e9n incluyen los servicios p\u00fablicos. Ning\u00fan estado tiene una oferta adecuada de viviendas de alquiler asequibles para los inquilinos de bajos ingresos. <a href=\"https:\/\/nlihc.org\/gap\" target=\"_blank\" rel=\"noopener\">Aprende m\u00e1s<\/a><\/li>\n<li><strong>Ingreso medio del \u00e1rea (AMI)\u00a0<\/strong>\u2013 el punto medio de la distribuci\u00f3n del ingreso de un \u00e1rea espec\u00edfica y lo calcula anualmente el Departamento de Vivienda y Desarrollo Urbano. \u00bfQuiere calcular su AMI para su \u00e1rea? <a href=\"https:\/\/ami-lookup-tool.fanniemae.com\/\">Haz clic aqu\u00ed e introduce tu direcci\u00f3n<\/a><\/li>\n<li><strong>Remedio de los constructores<\/strong> \u2013 En California, si una jurisdicci\u00f3n no planifica en su Elemento de Vivienda la cantidad de viviendas requeridas por el estado a trav\u00e9s de la Evaluaci\u00f3n Regional de Necesidades de Vivienda (RHNA), la ciudad tiene que aprobar cualquier proyecto de vivienda siempre que al menos 20% de las viviendas est\u00e9n de bajos ingresos o 100% de ellos son de ingresos moderados. <span class=\"ui-provider a b c d e f g h i j k l m n o p q r s t u v w x y z ab ac ae af ag ah ai aj ak\" dir=\"ltr\"><a href=\"https:\/\/www.yimbylaw.org\/buildersremedy\" target=\"_blank\" rel=\"noopener\">Aprende m\u00e1s<\/a><\/span><\/li>\n<li><strong>Gentrificaci\u00f3n<\/strong> \u2013 <span class=\"ui-provider a b c d e f g h i j k l m n o p q r s t u v w x y z ab ac ae af ag ah ai aj ak\" dir=\"ltr\">Reconocida como una definici\u00f3n imprecisa, com\u00fanmente se describe como el proceso mediante el cual los vecindarios que han sufrido desinversiones y declive econ\u00f3mico experimentan una reversi\u00f3n, una reinversi\u00f3n y una inmigraci\u00f3n de una clase m\u00e1s rica, lo que resulta en un desplazamiento de la comunidad. <a href=\"https:\/\/web.archive.org\/web\/20110606055104\/http:\/\/www.brookings.edu\/reports\/2001\/04metropolitanpolicy.aspx\" target=\"_blank\" rel=\"noopener\">Aprende m\u00e1s<\/a><\/span><\/li>\n<li><strong>Elemento de vivienda<\/strong> \u2013 Esta la<span class=\"ui-provider a b c d e f g h i j k l m n o p q r s t u v w x y z ab ac ae af ag ah ai aj ak\" dir=\"ltr\">w reconoce que, para que el mercado privado aborde adecuadamente las necesidades de vivienda de los californianos, los gobiernos locales deben adoptar planes y sistemas regulatorios que brinden oportunidades para (y no limiten indebidamente) el desarrollo de viviendas. <a href=\"https:\/\/www.hcd.ca.gov\/planning-and-community-development\/housing-elements\" target=\"_blank\" rel=\"noopener\">Aprende m\u00e1s<\/a><\/span><\/li>\n<li><strong>Cr\u00e9dito fiscal para viviendas de bajos ingresos (LIHTC)<\/strong> \u2013 Desarrollado en 1986, LIHTC es un programa gubernamental que otorga cr\u00e9ditos fiscales a desarrolladores de viviendas a cambio de aceptar reservar una cierta cantidad de unidades para hogares de bajos ingresos. <a style=\"background-color: #ffffff;\" href=\"https:\/\/youtu.be\/ijnkAA4AjzM?si=TjCTapHiR4Xwb1w7\" target=\"_blank\" rel=\"noopener\">Aprende m\u00e1s<\/a><\/li>\n<li><strong>Proyecto Homekey\u00a0<\/strong>\u2013 Conocido en California con este t\u00edtulo, este m\u00e9todo de creaci\u00f3n de viviendas emplea el uso de alojamientos comerciales excedentes, como hoteles y moteles, reutiliz\u00e1ndolos en estudios y ocupaciones de habitaciones individuales (SRO). <a href=\"https:\/\/www.hcd.ca.gov\/grants-and-funding\/homekey\/program-background\">Aprende m\u00e1s<\/a><\/li>\n<li><strong>Evaluaci\u00f3n Regional de Necesidades de Vivienda (RHNA)<\/strong> \u2013 California requiere que todos los gobiernos locales planifiquen adecuadamente para satisfacer las necesidades de vivienda de todos en su comunidad. El estado primero determina cu\u00e1ntas viviendas en una variedad de niveles de asequibilidad se necesitan para cada regi\u00f3n del estado y luego desarrolla una metodolog\u00eda para desarrollar estas viviendas (ver Elemento de Vivienda). <a style=\"background-color: #ffffff;\" href=\"https:\/\/www.hcd.ca.gov\/planning-and-community-development\/regional-housing-needs-allocation\" target=\"_blank\" rel=\"noopener\">Aprende m\u00e1s<\/a><\/li>\n<li><strong>rehabilitaci\u00f3n\u00a0<\/strong>\u2013 Se pueden preservar o crear viviendas asequibles mediante la rehabilitaci\u00f3n de edificios existentes. Esto puede suceder al comprar una propiedad y convertirla en vivienda asequible, tambi\u00e9n puede suceder cuando una propiedad ha alcanzado cierta antig\u00fcedad y necesita ser renovada o actualizada.<\/li>\n<li><strong>Ocupaci\u00f3n de habitaci\u00f3n individual (SRO)<\/strong> \u2013 unidad que proporciona espacio para vivir y dormir para uso exclusivo del ocupante, pero requiere que el ocupante comparta instalaciones sanitarias y\/o de preparaci\u00f3n de alimentos con otros.<\/li>\n<\/ul>\n\n\t\t<\/div>\n\t<\/div>\n<\/div><\/div><\/div><\/div><\/div><\/div><\/div><\/div><\/div><\/div><div class=\"vc_row-full-width vc_clearfix\"><\/div>\n<\/div>","protected":false},"excerpt":{"rendered":"Asuntos de Vivienda Art\u00edculos La enmienda podr\u00eda impulsar los fondos y los impuestos para la vivienda The Daily Journal, Alyse DiNapoli el 4\/12\/2023 Blogs Asequibilidad de la vivienda: la peor de nuestras vidas. El Congreso puede ayudar a cambiar eso en la legislaci\u00f3n bipartidista. Conferencia Nacional de Vivienda, David Dworkin el 17\/12\/2023 V\u00eddeos \u00bfQu\u00e9 es la vivienda asequible y c\u00f3mo se crea? Soluciones de vivienda locales el 28\/4\/2021...  <a class=\"excerpt-read-more\" href=\"https:\/\/www.pshhc.org\/es\/advocacy-housing-matters\/\" title=\"Lea Defensa \u2013 Asuntos de Vivienda\">Leer m\u00e1s &quot;<\/a>","protected":false},"author":1113,"featured_media":47395,"parent":0,"menu_order":0,"comment_status":"closed","ping_status":"closed","template":"page-wide.php","meta":{"_acf_changed":false,"footnotes":""},"class_list":["post-124808","page","type-page","status-publish","has-post-thumbnail","hentry"],"acf":[],"yoast_head":"<!-- This site is optimized with the Yoast SEO plugin v26.9 - https:\/\/yoast.com\/product\/yoast-seo-wordpress\/ -->\n<title>Advocacy - Housing Matters - People&#039;s Self-Help Housing<\/title>\n<meta name=\"description\" content=\"Housing Matters Articles Amendment could boost housing funds, taxes The Daily Journal, Alyse DiNapoli on 12\/4\/2023 Blogs Housing affordability \u2013 the worst in our lifetime. Congress can help change that\" \/>\n<meta name=\"robots\" content=\"index, follow, max-snippet:-1, max-image-preview:large, max-video-preview:-1\" \/>\n<link rel=\"canonical\" href=\"https:\/\/www.pshhc.org\/es\/advocacy-housing-matters\/\" \/>\n<meta property=\"og:locale\" content=\"es_MX\" \/>\n<meta property=\"og:type\" content=\"article\" \/>\n<meta property=\"og:title\" content=\"Advocacy - Housing Matters - People&#039;s Self-Help Housing\" \/>\n<meta property=\"og:url\" content=\"https:\/\/www.pshhc.org\/es\/advocacy-housing-matters\/\" \/>\n<meta property=\"og:site_name\" content=\"People&#039;s Self-Help Housing\" \/>\n<meta property=\"article:modified_time\" content=\"2024-07-29T20:45:32+00:00\" \/>\n<meta property=\"og:image\" content=\"https:\/\/www.pshhc.org\/wp-content\/uploads\/2022\/06\/P1040734-e1656366234808-1024x481.png\" \/>\n\t<meta property=\"og:image:width\" content=\"1024\" \/>\n\t<meta property=\"og:image:height\" content=\"481\" \/>\n\t<meta property=\"og:image:type\" content=\"image\/png\" \/>\n<meta name=\"twitter:card\" content=\"summary_large_image\" \/>\n<meta name=\"twitter:label1\" content=\"Tiempo de lectura\" \/>\n\t<meta name=\"twitter:data1\" content=\"3 minutos\" \/>\n<script type=\"application\/ld+json\" class=\"yoast-schema-graph\">{\"@context\":\"https:\/\/schema.org\",\"@graph\":[{\"@type\":\"WebPage\",\"@id\":\"https:\/\/www.pshhc.org\/advocacy-housing-matters\/\",\"url\":\"https:\/\/www.pshhc.org\/advocacy-housing-matters\/\",\"name\":\"Advocacy - Housing Matters - People&#039;s Self-Help Housing\",\"isPartOf\":{\"@id\":\"https:\/\/www.pshhc.org\/#website\"},\"primaryImageOfPage\":{\"@id\":\"https:\/\/www.pshhc.org\/advocacy-housing-matters\/#primaryimage\"},\"image\":{\"@id\":\"https:\/\/www.pshhc.org\/advocacy-housing-matters\/#primaryimage\"},\"thumbnailUrl\":\"https:\/\/www.pshhc.org\/wp-content\/uploads\/2022\/06\/P1040734-e1656366234808.png\",\"datePublished\":\"2023-12-18T23:37:54+00:00\",\"dateModified\":\"2024-07-29T20:45:32+00:00\",\"breadcrumb\":{\"@id\":\"https:\/\/www.pshhc.org\/advocacy-housing-matters\/#breadcrumb\"},\"inLanguage\":\"es\",\"potentialAction\":[{\"@type\":\"ReadAction\",\"target\":[\"https:\/\/www.pshhc.org\/advocacy-housing-matters\/\"]}]},{\"@type\":\"ImageObject\",\"inLanguage\":\"es\",\"@id\":\"https:\/\/www.pshhc.org\/advocacy-housing-matters\/#primaryimage\",\"url\":\"https:\/\/www.pshhc.org\/wp-content\/uploads\/2022\/06\/P1040734-e1656366234808.png\",\"contentUrl\":\"https:\/\/www.pshhc.org\/wp-content\/uploads\/2022\/06\/P1040734-e1656366234808.png\",\"width\":5472,\"height\":2571},{\"@type\":\"BreadcrumbList\",\"@id\":\"https:\/\/www.pshhc.org\/advocacy-housing-matters\/#breadcrumb\",\"itemListElement\":[{\"@type\":\"ListItem\",\"position\":1,\"name\":\"Home\",\"item\":\"https:\/\/www.pshhc.org\/\"},{\"@type\":\"ListItem\",\"position\":2,\"name\":\"Advocacy &#8211; Housing Matters\"}]},{\"@type\":\"WebSite\",\"@id\":\"https:\/\/www.pshhc.org\/#website\",\"url\":\"https:\/\/www.pshhc.org\/\",\"name\":\"People&#039;s Self-Help Housing\",\"description\":\"People&#039;s Self-Help Housing\",\"potentialAction\":[{\"@type\":\"SearchAction\",\"target\":{\"@type\":\"EntryPoint\",\"urlTemplate\":\"https:\/\/www.pshhc.org\/?s={search_term_string}\"},\"query-input\":{\"@type\":\"PropertyValueSpecification\",\"valueRequired\":true,\"valueName\":\"search_term_string\"}}],\"inLanguage\":\"es\"}]}<\/script>\n<!-- \/ Yoast SEO plugin. -->","yoast_head_json":{"title":"Defensa - Asuntos de vivienda - Vivienda de autoayuda para personas","description":"Art\u00edculos sobre Vivienda: La enmienda podr\u00eda aumentar los fondos para la vivienda y los impuestos. The Daily Journal, Alyse DiNapoli, 4\/12\/2023. Blogs: La asequibilidad de la vivienda: la peor de nuestra vida. El Congreso puede ayudar a cambiar eso.","robots":{"index":"index","follow":"follow","max-snippet":"max-snippet:-1","max-image-preview":"max-image-preview:large","max-video-preview":"max-video-preview:-1"},"canonical":"https:\/\/www.pshhc.org\/es\/advocacy-housing-matters\/","og_locale":"es_MX","og_type":"article","og_title":"Advocacy - Housing Matters - People&#039;s Self-Help Housing","og_url":"https:\/\/www.pshhc.org\/es\/advocacy-housing-matters\/","og_site_name":"People&#039;s Self-Help Housing","article_modified_time":"2024-07-29T20:45:32+00:00","og_image":[{"width":1024,"height":481,"url":"https:\/\/www.pshhc.org\/wp-content\/uploads\/2022\/06\/P1040734-e1656366234808-1024x481.png","type":"image\/png"}],"twitter_card":"summary_large_image","twitter_misc":{"Tiempo de lectura":"3 minutos"},"schema":{"@context":"https:\/\/schema.org","@graph":[{"@type":"WebPage","@id":"https:\/\/www.pshhc.org\/advocacy-housing-matters\/","url":"https:\/\/www.pshhc.org\/advocacy-housing-matters\/","name":"Defensa - Asuntos de vivienda - Vivienda de autoayuda para personas","isPartOf":{"@id":"https:\/\/www.pshhc.org\/#website"},"primaryImageOfPage":{"@id":"https:\/\/www.pshhc.org\/advocacy-housing-matters\/#primaryimage"},"image":{"@id":"https:\/\/www.pshhc.org\/advocacy-housing-matters\/#primaryimage"},"thumbnailUrl":"https:\/\/www.pshhc.org\/wp-content\/uploads\/2022\/06\/P1040734-e1656366234808.png","datePublished":"2023-12-18T23:37:54+00:00","dateModified":"2024-07-29T20:45:32+00:00","breadcrumb":{"@id":"https:\/\/www.pshhc.org\/advocacy-housing-matters\/#breadcrumb"},"inLanguage":"es","potentialAction":[{"@type":"ReadAction","target":["https:\/\/www.pshhc.org\/advocacy-housing-matters\/"]}]},{"@type":"ImageObject","inLanguage":"es","@id":"https:\/\/www.pshhc.org\/advocacy-housing-matters\/#primaryimage","url":"https:\/\/www.pshhc.org\/wp-content\/uploads\/2022\/06\/P1040734-e1656366234808.png","contentUrl":"https:\/\/www.pshhc.org\/wp-content\/uploads\/2022\/06\/P1040734-e1656366234808.png","width":5472,"height":2571},{"@type":"BreadcrumbList","@id":"https:\/\/www.pshhc.org\/advocacy-housing-matters\/#breadcrumb","itemListElement":[{"@type":"ListItem","position":1,"name":"Home","item":"https:\/\/www.pshhc.org\/"},{"@type":"ListItem","position":2,"name":"Advocacy &#8211; Housing Matters"}]},{"@type":"WebSite","@id":"https:\/\/www.pshhc.org\/#website","url":"https:\/\/www.pshhc.org\/","name":"Vivienda de autoayuda de People &amp; #039; s","description":"Vivienda de autoayuda de People &amp; #039; s","potentialAction":[{"@type":"SearchAction","target":{"@type":"EntryPoint","urlTemplate":"https:\/\/www.pshhc.org\/?s={search_term_string}"},"query-input":{"@type":"PropertyValueSpecification","valueRequired":true,"valueName":"search_term_string"}}],"inLanguage":"es"}]}},"jetpack_sharing_enabled":true,"_links":{"self":[{"href":"https:\/\/www.pshhc.org\/es\/wp-json\/wp\/v2\/pages\/124808","targetHints":{"allow":["GET"]}}],"collection":[{"href":"https:\/\/www.pshhc.org\/es\/wp-json\/wp\/v2\/pages"}],"about":[{"href":"https:\/\/www.pshhc.org\/es\/wp-json\/wp\/v2\/types\/page"}],"author":[{"embeddable":true,"href":"https:\/\/www.pshhc.org\/es\/wp-json\/wp\/v2\/users\/1113"}],"replies":[{"embeddable":true,"href":"https:\/\/www.pshhc.org\/es\/wp-json\/wp\/v2\/comments?post=124808"}],"version-history":[{"count":20,"href":"https:\/\/www.pshhc.org\/es\/wp-json\/wp\/v2\/pages\/124808\/revisions"}],"predecessor-version":[{"id":135376,"href":"https:\/\/www.pshhc.org\/es\/wp-json\/wp\/v2\/pages\/124808\/revisions\/135376"}],"wp:featuredmedia":[{"embeddable":true,"href":"https:\/\/www.pshhc.org\/es\/wp-json\/wp\/v2\/media\/47395"}],"wp:attachment":[{"href":"https:\/\/www.pshhc.org\/es\/wp-json\/wp\/v2\/media?parent=124808"}],"curies":[{"name":"gracias","href":"https:\/\/api.w.org\/{rel}","templated":true}]}}